{"version":"1.0","provider_name":"Instituto de la M\u00fasica","provider_url":"https:\/\/institutodelamusica.org\/en","author_name":"kikopavon@gmail.com","author_url":"https:\/\/institutodelamusica.org\/en\/author\/kikopavongmail-com\/","title":"We present a new program Es_M\u00fasica Habla - Instituto de la M\u00fasica","type":"rich","width":600,"height":338,"html":"<blockquote class=\"wp-embedded-content\" data-secret=\"Dypm8iYmMC\"><a href=\"https:\/\/institutodelamusica.org\/en\/we-present-a-new-program-es_musica-habla\/\">We present a new program Es_M\u00fasica Habla<\/a><\/blockquote><iframe sandbox=\"allow-scripts\" security=\"restricted\" src=\"https:\/\/institutodelamusica.org\/en\/we-present-a-new-program-es_musica-habla\/embed\/#?secret=Dypm8iYmMC\" width=\"600\" height=\"338\" title=\"&#8220;We present a new program Es_M\u00fasica Habla&#8221; &#8212; Instituto de la M\u00fasica\" data-secret=\"Dypm8iYmMC\" frameborder=\"0\" marginwidth=\"0\" marginheight=\"0\" scrolling=\"no\" class=\"wp-embedded-content\"><\/iframe><script>\n\/*! This file is auto-generated *\/\n!function(d,l){\"use strict\";l.querySelector&&d.addEventListener&&\"undefined\"!=typeof URL&&(d.wp=d.wp||{},d.wp.receiveEmbedMessage||(d.wp.receiveEmbedMessage=function(e){var t=e.data;if((t||t.secret||t.message||t.value)&&!\/[^a-zA-Z0-9]\/.test(t.secret)){for(var s,r,n,a=l.querySelectorAll('iframe[data-secret=\"'+t.secret+'\"]'),o=l.querySelectorAll('blockquote[data-secret=\"'+t.secret+'\"]'),c=new RegExp(\"^https?:$\",\"i\"),i=0;i<o.length;i++)o[i].style.display=\"none\";for(i=0;i<a.length;i++)s=a[i],e.source===s.contentWindow&&(s.removeAttribute(\"style\"),\"height\"===t.message?(1e3<(r=parseInt(t.value,10))?r=1e3:~~r<200&&(r=200),s.height=r):\"link\"===t.message&&(r=new URL(s.getAttribute(\"src\")),n=new URL(t.value),c.test(n.protocol))&&n.host===r.host&&l.activeElement===s&&(d.top.location.href=t.value))}},d.addEventListener(\"message\",d.wp.receiveEmbedMessage,!1),l.addEventListener(\"DOMContentLoaded\",function(){for(var e,t,s=l.querySelectorAll(\"iframe.wp-embedded-content\"),r=0;r<s.length;r++)(t=(e=s[r]).getAttribute(\"data-secret\"))||(t=Math.random().toString(36).substring(2,12),e.src+=\"#?secret=\"+t,e.setAttribute(\"data-secret\",t)),e.contentWindow.postMessage({message:\"ready\",secret:t},\"*\")},!1)))}(window,document);\n<\/script>\n","thumbnail_url":"https:\/\/institutodelamusica.org\/en\/wp-content\/uploads\/2025\/03\/WhatsApp-Image-2025liihu.webp","thumbnail_width":1024,"thumbnail_height":1024,"description":"The Spanish Music Federation presents \"Es_M\u00fasica Habla\" (It's_Music_Speaks), a program of online conferences and webinars on topics of interest to everyone.En nuestra primera sesi\u00f3n, analizaremos en profundidad las nuevas medidas en materia de deducciones fiscales para proyectos musicales. Este evento se celebrar\u00e1 el pr\u00f3ximo 11 de febrero a las 12:00 horas y estar\u00e1 abierto a todos los socios y sus respectivos asociados."}